{"id":2179,"date":"2017-07-31T15:23:28","date_gmt":"2017-07-31T15:23:28","guid":{"rendered":"http:\/\/www.finquesalbert.com\/empresa\/"},"modified":"2017-07-31T15:31:14","modified_gmt":"2017-07-31T15:31:14","slug":"empresa","status":"publish","type":"page","link":"https:\/\/www.finquesalbert.com\/ca\/empresa\/","title":{"rendered":"Empresa"},"content":{"rendered":"<p>Finques \u201cALBERT\u201d\u00ae som una empresa familiar que des de l\u2019any 1970 ens dediquem a llogar ALLOTJAMENTS PER A VACANCES a LA PLATJA DE CALAFELL.<\/p>\n<p>L\u2019evoluci\u00f3 que ha sofert el sector implica que intentem, fent un esfor\u00e7 important, posar-nos al dia per oferir als nostres actuals i futurs clients unes VACANCES CONFORTABLES.<\/p>\n<p>Vost\u00e8 pot adre\u00e7ar-se a nosaltres amb la seguretat que ser\u00e0 ben at\u00e8s i trobar\u00e0 molt probablement l\u2019allotjament que necessita, sigui DE GRAN CONFORT, AMB PISCINA, GARATGE, ZONES D\u2019ESBARJO, etc., sigui m\u00e9s SENZILL, per\u00f2 sempre dintre d\u2019un m\u00ednim nivell de qualitat exigible avui per una q\u00fcesti\u00f3 tan important com les VACANCES.<\/p>\n<p>Tamb\u00e9 els preus de lloguer s\u00f3n diversos en funci\u00f3 de l\u2019apartament que esculli i de les seves necessitats o pressupostos. Tot aix\u00f2 li resoldrem gaireb\u00e9 segur a Finques \u201cALBERT\u201d\u00ae. Si m\u00e9s no, contacti amb nosaltres i sense cap mena de comprom\u00eds i amb total professionalitat, discreci\u00f3 i rigor l\u2019atendrem molt gustosament.<\/p>\n<p style=\"text-align: center;\">\u00c8tica i professionalitat!<br \/>\nEsther T\u00e0pias-N\u00faria Tapias<\/p>\n<p style=\"text-align: center;\"><img loading=\"lazy\" class=\"alignnone size-full wp-image-2177\" src=\"https:\/\/www.finquesalbert.com\/wp-content\/uploads\/2017\/07\/logo_api.png\" alt=\"\" width=\"160\" height=\"73\" \/><\/p>\n<p style=\"text-align: center;\">Estem col\u00b7legiats als Col\u00b7legis d\u2019AGENTS DE LA PROPIETAT IMMOBILI\u00c0RIA.<\/p>\n","protected":false},"excerpt":{"rendered":"<p>Finques \u201cALBERT\u201d\u00ae som una empresa familiar que des de l\u2019any 1970 ens dediquem a llogar ALLOTJAMENTS PER A VACANCES a LA PLATJA DE CALAFELL. L\u2019evoluci\u00f3 que ha sofert el sector implica que intentem, fent un esfor\u00e7 important, posar-nos al dia per oferir als nostres actuals i futurs clients unes VACANCES CONFORTABLES. Vost\u00e8 pot adre\u00e7ar-se a [&hellip;]<\/p>\n","protected":false},"author":1,"featured_media":0,"parent":0,"menu_order":0,"comment_status":"closed","ping_status":"closed","template":"","meta":[],"_links":{"self":[{"href":"https:\/\/www.finquesalbert.com\/ca\/wp-json\/wp\/v2\/pages\/2179"}],"collection":[{"href":"https:\/\/www.finquesalbert.com\/ca\/wp-json\/wp\/v2\/pages"}],"about":[{"href":"https:\/\/www.finquesalbert.com\/ca\/wp-json\/wp\/v2\/types\/page"}],"author":[{"embeddable":true,"href":"https:\/\/www.finquesalbert.com\/ca\/wp-json\/wp\/v2\/users\/1"}],"replies":[{"embeddable":true,"href":"https:\/\/www.finquesalbert.com\/ca\/wp-json\/wp\/v2\/comments?post=2179"}],"version-history":[{"count":1,"href":"https:\/\/www.finquesalbert.com\/ca\/wp-json\/wp\/v2\/pages\/2179\/revisions"}],"predecessor-version":[{"id":2182,"href":"https:\/\/www.finquesalbert.com\/ca\/wp-json\/wp\/v2\/pages\/2179\/revisions\/2182"}],"wp:attachment":[{"href":"https:\/\/www.finquesalbert.com\/ca\/wp-json\/wp\/v2\/media?parent=2179"}],"curies":[{"name":"wp","href":"https:\/\/api.w.org\/{rel}","templated":true}]}}