{"id":2191,"date":"2017-07-31T15:47:05","date_gmt":"2017-07-31T15:47:05","guid":{"rendered":"http:\/\/www.finquesalbert.com\/?page_id=2191\/"},"modified":"2017-07-31T15:47:05","modified_gmt":"2017-07-31T15:47:05","slug":"conditions-de-location","status":"publish","type":"page","link":"https:\/\/www.finquesalbert.com\/fr\/conditions-de-location\/","title":{"rendered":"Conditions de location"},"content":{"rendered":"<ol>\n<li>\u00a0L\u2019horaire de notre bureau est de 9:30 a 13:30H et de 16:00 a 20:00H, Dimanche et joursde f\u00eate de 10:00 a 13:00. Hors saison (1 d\u2019octobre \u00e0 1 de mars) Lundi ferm\u00e9.<\/li>\n<li>L\u2019appartement est \u00e0 votre disposition entre 17 et 20 heures le jour de votre arriv\u00e9e jusqu\u2019\u00e0 10H le jour de votre d\u00e9part.<\/li>\n<li>Les arriv\u00e9es ne seront pas accept\u00e9es apr\u00e8s 20.00 H,\u00a0<strong>sauf sous avis pr\u00e9c\u00e9dent<\/strong>.<\/li>\n<li>Les frais d\u2019eau, gaz et \u00e9lectricit\u00e9 sont inclus dans le prix de la location.<\/li>\n<li>Les ANIMAUX de compagnie ne sont pas admis dans les appartements.<\/li>\n<li>Tous nos appartements sont \u00e9quip\u00e9s de: frigidaire, cuisini\u00e8re avec four, vaisselle et couverts, batterie de cuisine, eau chaude et froide, t\u00e9l\u00e9vision, machine \u00e0 laver, fer \u00e0 repasser.<\/li>\n<li>Les appartements sont lou\u00e9s\u00a0<strong>sans linge de maison<\/strong>.<\/li>\n<li>Mode de paiement: 30% \u00e0 la r\u00e9servation (transfert bancaire) 70% \u00e0 la remise des cl\u00e9s, en esp\u00e8ces. CARTES DE CR\u00c9DIT NON ACCEPT\u00c9ES.<\/li>\n<li>L\u2019Enterprise ne r\u00e9pond pas des modifications ou variations post\u00e9rieures \u00e0 la publication du web site.<\/li>\n<li>Finques Albert<sup>\u00ae<\/sup>\u00a0se r\u00e9serve le droit de modifier les prix si n\u00e9cessaire, tant que la r\u00e9servation ne sera pas confirm\u00e9e.<\/li>\n<li>48 heures apr\u00e8s la date d\u2019entr\u00e9e, le client, n\u2019ayant toujours pas pay\u00e9 le prix total de la location ni ayant pas recueilli les cl\u00e9s, perdra ses droits sur l\u2019appartement lou\u00e9 sans aucune possibilit\u00e9 de r\u00e9clamation par la suite.<\/li>\n<li>Finques Albert<sup>\u00ae<\/sup>\u00a0ne donne aucune esp\u00e8ce de service dans les appartements<\/li>\n<\/ol>\n<h3>Taxe touristique \u00e0 Catalogne<\/h3>\n<p>A partir du 1ier novembre 2012 une taxe touristique sera \u00e9tablie (comme habituel dans des autres pays) \u00e0 Catalogne. Sera appliqu\u00e9e \u00e0 toutes les personnes \u00e0 partir de 16 ans qui logent dans un \u00e9tablissement touristique, mais seulement \u00e0 un maximal de 7 nuits par s\u00e9jour. Pour les appartements touristiques la taxe sera de 0.90\u20ac+10% T.V.A par personne par nuit.<\/p>\n","protected":false},"excerpt":{"rendered":"<p>\u00a0L\u2019horaire de notre bureau est de 9:30 a 13:30H et de 16:00 a 20:00H, Dimanche et joursde f\u00eate de 10:00 a 13:00. Hors saison (1 d\u2019octobre \u00e0 1 de mars) Lundi ferm\u00e9. L\u2019appartement est \u00e0 votre disposition entre 17 et 20 heures le jour de votre arriv\u00e9e jusqu\u2019\u00e0 10H le jour de votre d\u00e9part. Les [&hellip;]<\/p>\n","protected":false},"author":1,"featured_media":0,"parent":0,"menu_order":0,"comment_status":"closed","ping_status":"closed","template":"","meta":[],"_links":{"self":[{"href":"https:\/\/www.finquesalbert.com\/fr\/wp-json\/wp\/v2\/pages\/2191"}],"collection":[{"href":"https:\/\/www.finquesalbert.com\/fr\/wp-json\/wp\/v2\/pages"}],"about":[{"href":"https:\/\/www.finquesalbert.com\/fr\/wp-json\/wp\/v2\/types\/page"}],"author":[{"embeddable":true,"href":"https:\/\/www.finquesalbert.com\/fr\/wp-json\/wp\/v2\/users\/1"}],"replies":[{"embeddable":true,"href":"https:\/\/www.finquesalbert.com\/fr\/wp-json\/wp\/v2\/comments?post=2191"}],"version-history":[{"count":1,"href":"https:\/\/www.finquesalbert.com\/fr\/wp-json\/wp\/v2\/pages\/2191\/revisions"}],"predecessor-version":[{"id":2192,"href":"https:\/\/www.finquesalbert.com\/fr\/wp-json\/wp\/v2\/pages\/2191\/revisions\/2192"}],"wp:attachment":[{"href":"https:\/\/www.finquesalbert.com\/fr\/wp-json\/wp\/v2\/media?parent=2191"}],"curies":[{"name":"wp","href":"https:\/\/api.w.org\/{rel}","templated":true}]}}